{"id":40,"date":"2020-01-17T11:28:43","date_gmt":"2020-01-17T10:28:43","guid":{"rendered":"https:\/\/weddings-in-provence.com\/?page_id=40"},"modified":"2020-03-20T14:46:44","modified_gmt":"2020-03-20T13:46:44","slug":"galerie-photo","status":"publish","type":"page","link":"https:\/\/weddings-in-provence.com\/en\/galerie-photo\/","title":{"rendered":"Gallery"},"content":{"rendered":"<div data-elementor-type=\"wp-page\" data-elementor-id=\"40\" class=\"elementor elementor-40\" data-elementor-post-type=\"page\">\n\t\t\t\t\t\t<section class=\"elementor-section elementor-top-section elementor-element elementor-element-6997104 elementor-section-boxed elementor-section-height-default elementor-section-height-default\" data-id=\"6997104\" data-element_type=\"section\" data-e-type=\"section\" data-settings=\"{&quot;background_background&quot;:&quot;classic&quot;}\">\n\t\t\t\t\t\t<div class=\"elementor-container elementor-column-gap-default\">\n\t\t\t\t\t<div class=\"elementor-column elementor-col-100 elementor-top-column elementor-element elementor-element-6698e8b\" data-id=\"6698e8b\" data-element_type=\"column\" data-e-type=\"column\">\n\t\t\t<div class=\"elementor-widget-wrap elementor-element-populated\">\n\t\t\t\t\t\t<div class=\"elementor-element elementor-element-59228c5 elementor-widget elementor-widget-tp-dynamic-listing\" data-id=\"59228c5\" data-element_type=\"widget\" data-e-type=\"widget\" data-widget_type=\"tp-dynamic-listing.default\">\n\t\t\t\t<div class=\"elementor-widget-container\">\n\t\t\t\t\t<div id=\"pt-plus-dynamic-listing\" class=\"dynamic-listing post69f711691d7ec  list-isotope  dynamic-listing-style-2 hover-image-style-1 layout-style-1   tp-dy-l-type-page_listing\"    data-layout-type=\"fitRows\"   data-id=\"post69f711691d7ec\" data-style=\"style-2\"   dir= \"data-enable-isotope=\"1\"\"><div id=\"post69f711691d7ec\" class=\"tp-row post-inner-loop   post69f711691d7ec text-center   tp_list\"    \" data-widgetid = \"59228c5\"><div class=\"grid-item metro-item  tp-col-lg-4 tp-col-md-6 tp-col-sm-12 tp-col-12\"><article id=\"post-1438\" class=\"post-1438 galerie type-galerie status-publish has-post-thumbnail hentry category-organisation-partielle\">\n\t<div class=\"blog-list-content\">\n\t\t\t\t\t\t\t\t\t<div class=\"post-content-image\">\n\t\t\t<a href=\"https:\/\/weddings-in-provence.com\/en\/galerie\/justine-et-umberto\/\">\n\t\t\t\t\t<div class=\"blog-featured-image\">\n\t<span class=\"thumb-wrap\">\n\t\t<img fetchpriority=\"high\" decoding=\"async\" width=\"700\" height=\"700\" src=\"https:\/\/weddings-in-provence.com\/wp-content\/uploads\/2020\/03\/MariageJustine_Umberto-353-700x700.jpg\" class=\"attachment-tp-image-grid size-tp-image-grid\" alt=\"\" srcset=\"https:\/\/weddings-in-provence.com\/wp-content\/uploads\/2020\/03\/MariageJustine_Umberto-353-700x700.jpg 700w, https:\/\/weddings-in-provence.com\/wp-content\/uploads\/2020\/03\/MariageJustine_Umberto-353-150x150.jpg 150w\" sizes=\"(max-width: 700px) 100vw, 700px\" \/>\t<\/span>\n\t<\/div>\n\t\t\t<\/a>\n\t\t\t\t\t\t<\/div>\n\t\t\t\t\t\t<div class=\"post-content-bottom\">\n\t\t\t\t\t\t<div class=\"post-metro-content\">\n\t\t\t\t<h3 class=\"post-title\">\n\t<a href=\"https:\/\/weddings-in-provence.com\/en\/galerie\/justine-et-umberto\/\" class=\"normal\">Justine and Umberto<\/a>\n<\/h3>\n\t\t\t\t\t\t\t\t\t\t\t<\/div>\n\t\t<\/div>\n\t\t\t<\/div>\n<\/article>\n<\/div><div class=\"grid-item metro-item  tp-col-lg-4 tp-col-md-6 tp-col-sm-12 tp-col-12\"><article id=\"post-2346\" class=\"post-2346 galerie type-galerie status-publish has-post-thumbnail hentry\">\n\t<div class=\"blog-list-content\">\n\t\t\t\t\t\t\t\t\t<div class=\"post-content-image\">\n\t\t\t<a href=\"https:\/\/weddings-in-provence.com\/en\/galerie\/tess-et-stephane\/\">\n\t\t\t\t\t<div class=\"blog-featured-image\">\n\t<span class=\"thumb-wrap\">\n\t\t<img decoding=\"async\" width=\"700\" height=\"700\" src=\"https:\/\/weddings-in-provence.com\/wp-content\/uploads\/2020\/03\/T-S-wedding-photography-418-700x700.jpg\" class=\"attachment-tp-image-grid size-tp-image-grid\" alt=\"\" srcset=\"https:\/\/weddings-in-provence.com\/wp-content\/uploads\/2020\/03\/T-S-wedding-photography-418-700x700.jpg 700w, https:\/\/weddings-in-provence.com\/wp-content\/uploads\/2020\/03\/T-S-wedding-photography-418-150x150.jpg 150w\" sizes=\"(max-width: 700px) 100vw, 700px\" \/>\t<\/span>\n\t<\/div>\n\t\t\t<\/a>\n\t\t\t\t\t\t<\/div>\n\t\t\t\t\t\t<div class=\"post-content-bottom\">\n\t\t\t\t\t\t<div class=\"post-metro-content\">\n\t\t\t\t<h3 class=\"post-title\">\n\t<a href=\"https:\/\/weddings-in-provence.com\/en\/galerie\/tess-et-stephane\/\" class=\"normal\">Tess and St\u00e9phane<\/a>\n<\/h3>\n\t\t\t\t\t\t\t\t\t\t\t<\/div>\n\t\t<\/div>\n\t\t\t<\/div>\n<\/article>\n<\/div><div class=\"grid-item metro-item  tp-col-lg-4 tp-col-md-6 tp-col-sm-12 tp-col-12\"><article id=\"post-2350\" class=\"post-2350 galerie type-galerie status-publish has-post-thumbnail hentry\">\n\t<div class=\"blog-list-content\">\n\t\t\t\t\t\t\t\t\t<div class=\"post-content-image\">\n\t\t\t<a href=\"https:\/\/weddings-in-provence.com\/en\/galerie\/sylvine-et-frederic\/\">\n\t\t\t\t\t<div class=\"blog-featured-image\">\n\t<span class=\"thumb-wrap\">\n\t\t<img decoding=\"async\" width=\"700\" height=\"700\" src=\"https:\/\/weddings-in-provence.com\/wp-content\/uploads\/2020\/03\/15-700x700.jpg\" class=\"attachment-tp-image-grid size-tp-image-grid\" alt=\"\" srcset=\"https:\/\/weddings-in-provence.com\/wp-content\/uploads\/2020\/03\/15-700x700.jpg 700w, https:\/\/weddings-in-provence.com\/wp-content\/uploads\/2020\/03\/15-150x150.jpg 150w\" sizes=\"(max-width: 700px) 100vw, 700px\" \/>\t<\/span>\n\t<\/div>\n\t\t\t<\/a>\n\t\t\t\t\t\t<\/div>\n\t\t\t\t\t\t<div class=\"post-content-bottom\">\n\t\t\t\t\t\t<div class=\"post-metro-content\">\n\t\t\t\t<h3 class=\"post-title\">\n\t<a href=\"https:\/\/weddings-in-provence.com\/en\/galerie\/sylvine-et-frederic\/\" class=\"normal\">Sylvine and Fr\u00e9d\u00e9ric<\/a>\n<\/h3>\n\t\t\t\t\t\t\t\t\t\t\t<\/div>\n\t\t<\/div>\n\t\t\t<\/div>\n<\/article>\n<\/div><div class=\"grid-item metro-item  tp-col-lg-4 tp-col-md-6 tp-col-sm-12 tp-col-12\"><article id=\"post-2341\" class=\"post-2341 galerie type-galerie status-publish has-post-thumbnail hentry\">\n\t<div class=\"blog-list-content\">\n\t\t\t\t\t\t\t\t\t<div class=\"post-content-image\">\n\t\t\t<a href=\"https:\/\/weddings-in-provence.com\/en\/galerie\/kelly-et-alex\/\">\n\t\t\t\t\t<div class=\"blog-featured-image\">\n\t<span class=\"thumb-wrap\">\n\t\t<img loading=\"lazy\" decoding=\"async\" width=\"700\" height=\"700\" src=\"https:\/\/weddings-in-provence.com\/wp-content\/uploads\/2020\/03\/WeddingdayofKelly_Alex-745-700x700.jpg\" class=\"attachment-tp-image-grid size-tp-image-grid\" alt=\"\" srcset=\"https:\/\/weddings-in-provence.com\/wp-content\/uploads\/2020\/03\/WeddingdayofKelly_Alex-745-700x700.jpg 700w, https:\/\/weddings-in-provence.com\/wp-content\/uploads\/2020\/03\/WeddingdayofKelly_Alex-745-150x150.jpg 150w\" sizes=\"(max-width: 700px) 100vw, 700px\" \/>\t<\/span>\n\t<\/div>\n\t\t\t<\/a>\n\t\t\t\t\t\t<\/div>\n\t\t\t\t\t\t<div class=\"post-content-bottom\">\n\t\t\t\t\t\t<div class=\"post-metro-content\">\n\t\t\t\t<h3 class=\"post-title\">\n\t<a href=\"https:\/\/weddings-in-provence.com\/en\/galerie\/kelly-et-alex\/\" class=\"normal\">Kelly and Alex<\/a>\n<\/h3>\n\t\t\t\t\t\t\t\t\t\t\t<\/div>\n\t\t<\/div>\n\t\t\t<\/div>\n<\/article>\n<\/div><div class=\"grid-item metro-item  tp-col-lg-4 tp-col-md-6 tp-col-sm-12 tp-col-12\"><article id=\"post-1490\" class=\"post-1490 galerie type-galerie status-publish has-post-thumbnail hentry category-organisation-complete\">\n\t<div class=\"blog-list-content\">\n\t\t\t\t\t\t\t\t\t<div class=\"post-content-image\">\n\t\t\t<a href=\"https:\/\/weddings-in-provence.com\/en\/galerie\/rene-et-anthony\/\">\n\t\t\t\t\t<div class=\"blog-featured-image\">\n\t<span class=\"thumb-wrap\">\n\t\t<img loading=\"lazy\" decoding=\"async\" width=\"700\" height=\"700\" src=\"https:\/\/weddings-in-provence.com\/wp-content\/uploads\/2020\/03\/Rene-_-Anthony-Wedding-Full-Res-104-of-995-700x700.jpg\" class=\"attachment-tp-image-grid size-tp-image-grid\" alt=\"\" srcset=\"https:\/\/weddings-in-provence.com\/wp-content\/uploads\/2020\/03\/Rene-_-Anthony-Wedding-Full-Res-104-of-995-700x700.jpg 700w, https:\/\/weddings-in-provence.com\/wp-content\/uploads\/2020\/03\/Rene-_-Anthony-Wedding-Full-Res-104-of-995-150x150.jpg 150w\" sizes=\"(max-width: 700px) 100vw, 700px\" \/>\t<\/span>\n\t<\/div>\n\t\t\t<\/a>\n\t\t\t\t\t\t<\/div>\n\t\t\t\t\t\t<div class=\"post-content-bottom\">\n\t\t\t\t\t\t<div class=\"post-metro-content\">\n\t\t\t\t<h3 class=\"post-title\">\n\t<a href=\"https:\/\/weddings-in-provence.com\/en\/galerie\/rene-et-anthony\/\" class=\"normal\">Rene and Anthony<\/a>\n<\/h3>\n\t\t\t\t\t\t\t\t\t\t\t<\/div>\n\t\t<\/div>\n\t\t\t<\/div>\n<\/article>\n<\/div><div class=\"grid-item metro-item  tp-col-lg-4 tp-col-md-6 tp-col-sm-12 tp-col-12\"><article id=\"post-1478\" class=\"post-1478 galerie type-galerie status-publish has-post-thumbnail hentry category-organisation-complete\">\n\t<div class=\"blog-list-content\">\n\t\t\t\t\t\t\t\t\t<div class=\"post-content-image\">\n\t\t\t<a href=\"https:\/\/weddings-in-provence.com\/en\/galerie\/katriana-et-philippe\/\">\n\t\t\t\t\t<div class=\"blog-featured-image\">\n\t<span class=\"thumb-wrap\">\n\t\t<img loading=\"lazy\" decoding=\"async\" width=\"700\" height=\"700\" src=\"https:\/\/weddings-in-provence.com\/wp-content\/uploads\/2020\/03\/cas_katriana_philip-hd-700x700.jpg\" class=\"attachment-tp-image-grid size-tp-image-grid\" alt=\"\" srcset=\"https:\/\/weddings-in-provence.com\/wp-content\/uploads\/2020\/03\/cas_katriana_philip-hd-700x700.jpg 700w, https:\/\/weddings-in-provence.com\/wp-content\/uploads\/2020\/03\/cas_katriana_philip-hd-150x150.jpg 150w\" sizes=\"(max-width: 700px) 100vw, 700px\" \/>\t<\/span>\n\t<\/div>\n\t\t\t<\/a>\n\t\t\t\t\t\t<\/div>\n\t\t\t\t\t\t<div class=\"post-content-bottom\">\n\t\t\t\t\t\t<div class=\"post-metro-content\">\n\t\t\t\t<h3 class=\"post-title\">\n\t<a href=\"https:\/\/weddings-in-provence.com\/en\/galerie\/katriana-et-philippe\/\" class=\"normal\">Katriana and Philippe<\/a>\n<\/h3>\n\t\t\t\t\t\t\t\t\t\t\t<\/div>\n\t\t<\/div>\n\t\t\t<\/div>\n<\/article>\n<\/div><div class=\"grid-item metro-item  tp-col-lg-4 tp-col-md-6 tp-col-sm-12 tp-col-12\"><article id=\"post-1347\" class=\"post-1347 galerie type-galerie status-publish has-post-thumbnail hentry category-coordination\">\n\t<div class=\"blog-list-content\">\n\t\t\t\t\t\t\t\t\t<div class=\"post-content-image\">\n\t\t\t<a href=\"https:\/\/weddings-in-provence.com\/en\/galerie\/carole-et-damien\/\">\n\t\t\t\t\t<div class=\"blog-featured-image\">\n\t<span class=\"thumb-wrap\">\n\t\t<img loading=\"lazy\" decoding=\"async\" width=\"700\" height=\"700\" src=\"https:\/\/weddings-in-provence.com\/wp-content\/uploads\/2020\/02\/STORY-CAROLE-ET-DAMIEN-51-1-700x700.jpg\" class=\"attachment-tp-image-grid size-tp-image-grid\" alt=\"\" srcset=\"https:\/\/weddings-in-provence.com\/wp-content\/uploads\/2020\/02\/STORY-CAROLE-ET-DAMIEN-51-1-700x700.jpg 700w, https:\/\/weddings-in-provence.com\/wp-content\/uploads\/2020\/02\/STORY-CAROLE-ET-DAMIEN-51-1-150x150.jpg 150w\" sizes=\"(max-width: 700px) 100vw, 700px\" \/>\t<\/span>\n\t<\/div>\n\t\t\t<\/a>\n\t\t\t\t\t\t<\/div>\n\t\t\t\t\t\t<div class=\"post-content-bottom\">\n\t\t\t\t\t\t<div class=\"post-metro-content\">\n\t\t\t\t<h3 class=\"post-title\">\n\t<a href=\"https:\/\/weddings-in-provence.com\/en\/galerie\/carole-et-damien\/\" class=\"normal\">Carole and Damien<\/a>\n<\/h3>\n\t\t\t\t\t\t\t\t\t\t\t<\/div>\n\t\t<\/div>\n\t\t\t<\/div>\n<\/article>\n<\/div><div class=\"grid-item metro-item  tp-col-lg-4 tp-col-md-6 tp-col-sm-12 tp-col-12\"><article id=\"post-1466\" class=\"post-1466 galerie type-galerie status-publish has-post-thumbnail hentry category-a-la-carte\">\n\t<div class=\"blog-list-content\">\n\t\t\t\t\t\t\t\t\t<div class=\"post-content-image\">\n\t\t\t<a href=\"https:\/\/weddings-in-provence.com\/en\/galerie\/kimberly-et-florent\/\">\n\t\t\t\t\t<div class=\"blog-featured-image\">\n\t<span class=\"thumb-wrap\">\n\t\t<img loading=\"lazy\" decoding=\"async\" width=\"700\" height=\"700\" src=\"https:\/\/weddings-in-provence.com\/wp-content\/uploads\/2020\/03\/ER1A2084-700x700.jpg\" class=\"attachment-tp-image-grid size-tp-image-grid\" alt=\"\" srcset=\"https:\/\/weddings-in-provence.com\/wp-content\/uploads\/2020\/03\/ER1A2084-700x700.jpg 700w, https:\/\/weddings-in-provence.com\/wp-content\/uploads\/2020\/03\/ER1A2084-150x150.jpg 150w\" sizes=\"(max-width: 700px) 100vw, 700px\" \/>\t<\/span>\n\t<\/div>\n\t\t\t<\/a>\n\t\t\t\t\t\t<\/div>\n\t\t\t\t\t\t<div class=\"post-content-bottom\">\n\t\t\t\t\t\t<div class=\"post-metro-content\">\n\t\t\t\t<h3 class=\"post-title\">\n\t<a href=\"https:\/\/weddings-in-provence.com\/en\/galerie\/kimberly-et-florent\/\" class=\"normal\">Kimberly and Florent<\/a>\n<\/h3>\n\t\t\t\t\t\t\t\t\t\t\t<\/div>\n\t\t<\/div>\n\t\t\t<\/div>\n<\/article>\n<\/div><div class=\"grid-item metro-item  tp-col-lg-4 tp-col-md-6 tp-col-sm-12 tp-col-12\"><article id=\"post-1354\" class=\"post-1354 galerie type-galerie status-publish has-post-thumbnail hentry category-organisation-complete\">\n\t<div class=\"blog-list-content\">\n\t\t\t\t\t\t\t\t\t<div class=\"post-content-image\">\n\t\t\t<a href=\"https:\/\/weddings-in-provence.com\/en\/galerie\/julia-et-thomas\/\">\n\t\t\t\t\t<div class=\"blog-featured-image\">\n\t<span class=\"thumb-wrap\">\n\t\t<img loading=\"lazy\" decoding=\"async\" width=\"700\" height=\"700\" src=\"https:\/\/weddings-in-provence.com\/wp-content\/uploads\/2020\/02\/DSC0749-700x700.jpg\" class=\"attachment-tp-image-grid size-tp-image-grid\" alt=\"\" srcset=\"https:\/\/weddings-in-provence.com\/wp-content\/uploads\/2020\/02\/DSC0749-700x700.jpg 700w, https:\/\/weddings-in-provence.com\/wp-content\/uploads\/2020\/02\/DSC0749-150x150.jpg 150w\" sizes=\"(max-width: 700px) 100vw, 700px\" \/>\t<\/span>\n\t<\/div>\n\t\t\t<\/a>\n\t\t\t\t\t\t<\/div>\n\t\t\t\t\t\t<div class=\"post-content-bottom\">\n\t\t\t\t\t\t<div class=\"post-metro-content\">\n\t\t\t\t<h3 class=\"post-title\">\n\t<a href=\"https:\/\/weddings-in-provence.com\/en\/galerie\/julia-et-thomas\/\" class=\"normal\">Julia and Oli<\/a>\n<\/h3>\n\t\t\t\t\t\t\t\t\t\t\t<\/div>\n\t\t<\/div>\n\t\t\t<\/div>\n<\/article>\n<\/div><\/div><\/div>\t\t\t\t<\/div>\n\t\t\t\t<\/div>\n\t\t\t\t\t<\/div>\n\t\t<\/div>\n\t\t\t\t\t<\/div>\n\t\t<\/section>\n\t\t\t\t<\/div>","protected":false},"excerpt":{"rendered":"<p>Julia et Oli Rene et Anthony Kelly et Alex Sylvine et Fr\u00e9d\u00e9ric Carole et Damien Tess et St\u00e9phane Justine et Umberto Katriana et Philippe Kimberly et Florent<\/p>","protected":false},"author":1,"featured_media":0,"parent":0,"menu_order":0,"comment_status":"closed","ping_status":"closed","template":"","meta":{"_acf_changed":false,"footnotes":""},"class_list":["post-40","page","type-page","status-publish","hentry"],"acf":[],"yoast_head":"<!-- This site is optimized with the Yoast SEO plugin v27.5 - https:\/\/yoast.com\/product\/yoast-seo-wordpress\/ -->\n<title>Galerie photos : mariages inspirants en Provence<\/title>\n<meta name=\"description\" content=\"Nos plus belles photographies de mariages dans les vignes, de c\u00e9r\u00e9monies sur la plage, d\u2019union dans les plus beaux domaines proven\u00e7aux...\" \/>\n<meta name=\"robots\" content=\"index, follow, max-snippet:-1, max-image-preview:large, max-video-preview:-1\" \/>\n<link rel=\"canonical\" href=\"https:\/\/weddings-in-provence.com\/en\/galerie-photo\/\" \/>\n<meta property=\"og:locale\" content=\"en_US\" \/>\n<meta property=\"og:type\" content=\"article\" \/>\n<meta property=\"og:title\" content=\"Galerie photos : mariages inspirants en Provence\" \/>\n<meta property=\"og:description\" content=\"Nos plus belles photographies de mariages dans les vignes, de c\u00e9r\u00e9monies sur la plage, d\u2019union dans les plus beaux domaines proven\u00e7aux...\" \/>\n<meta property=\"og:url\" content=\"https:\/\/weddings-in-provence.com\/en\/galerie-photo\/\" \/>\n<meta property=\"og:site_name\" content=\"Weddings in Provence\" \/>\n<meta property=\"article:modified_time\" content=\"2020-03-20T13:46:44+00:00\" \/>\n<meta property=\"og:image\" content=\"https:\/\/weddings-in-provence.com\/wp-content\/uploads\/2020\/02\/DSC0749-700x700.jpg\" \/>\n<meta name=\"twitter:card\" content=\"summary_large_image\" \/>\n<script type=\"application\/ld+json\" class=\"yoast-schema-graph\">{\"@context\":\"https:\\\/\\\/schema.org\",\"@graph\":[{\"@type\":\"WebPage\",\"@id\":\"https:\\\/\\\/weddings-in-provence.com\\\/galerie-photo\\\/\",\"url\":\"https:\\\/\\\/weddings-in-provence.com\\\/galerie-photo\\\/\",\"name\":\"Galerie photos : mariages inspirants en Provence\",\"isPartOf\":{\"@id\":\"https:\\\/\\\/weddings-in-provence.com\\\/#website\"},\"primaryImageOfPage\":{\"@id\":\"https:\\\/\\\/weddings-in-provence.com\\\/galerie-photo\\\/#primaryimage\"},\"image\":{\"@id\":\"https:\\\/\\\/weddings-in-provence.com\\\/galerie-photo\\\/#primaryimage\"},\"thumbnailUrl\":\"https:\\\/\\\/weddings-in-provence.com\\\/wp-content\\\/uploads\\\/2020\\\/02\\\/DSC0749-700x700.jpg\",\"datePublished\":\"2020-01-17T10:28:43+00:00\",\"dateModified\":\"2020-03-20T13:46:44+00:00\",\"description\":\"Nos plus belles photographies de mariages dans les vignes, de c\u00e9r\u00e9monies sur la plage, d\u2019union dans les plus beaux domaines proven\u00e7aux...\",\"breadcrumb\":{\"@id\":\"https:\\\/\\\/weddings-in-provence.com\\\/galerie-photo\\\/#breadcrumb\"},\"inLanguage\":\"en-US\",\"potentialAction\":[{\"@type\":\"ReadAction\",\"target\":[\"https:\\\/\\\/weddings-in-provence.com\\\/galerie-photo\\\/\"]}]},{\"@type\":\"ImageObject\",\"inLanguage\":\"en-US\",\"@id\":\"https:\\\/\\\/weddings-in-provence.com\\\/galerie-photo\\\/#primaryimage\",\"url\":\"https:\\\/\\\/weddings-in-provence.com\\\/wp-content\\\/uploads\\\/2020\\\/02\\\/DSC0749-700x700.jpg\",\"contentUrl\":\"https:\\\/\\\/weddings-in-provence.com\\\/wp-content\\\/uploads\\\/2020\\\/02\\\/DSC0749-700x700.jpg\"},{\"@type\":\"BreadcrumbList\",\"@id\":\"https:\\\/\\\/weddings-in-provence.com\\\/galerie-photo\\\/#breadcrumb\",\"itemListElement\":[{\"@type\":\"ListItem\",\"position\":1,\"name\":\"Accueil\",\"item\":\"https:\\\/\\\/weddings-in-provence.com\\\/\"},{\"@type\":\"ListItem\",\"position\":2,\"name\":\"Galerie photo\"}]},{\"@type\":\"WebSite\",\"@id\":\"https:\\\/\\\/weddings-in-provence.com\\\/#website\",\"url\":\"https:\\\/\\\/weddings-in-provence.com\\\/\",\"name\":\"Weddings in Provence\",\"description\":\"Un mariage d&#039;exception en Provence\",\"publisher\":{\"@id\":\"https:\\\/\\\/weddings-in-provence.com\\\/#organization\"},\"potentialAction\":[{\"@type\":\"SearchAction\",\"target\":{\"@type\":\"EntryPoint\",\"urlTemplate\":\"https:\\\/\\\/weddings-in-provence.com\\\/?s={search_term_string}\"},\"query-input\":{\"@type\":\"PropertyValueSpecification\",\"valueRequired\":true,\"valueName\":\"search_term_string\"}}],\"inLanguage\":\"en-US\"},{\"@type\":\"Organization\",\"@id\":\"https:\\\/\\\/weddings-in-provence.com\\\/#organization\",\"name\":\"Weddings in Provence\",\"url\":\"https:\\\/\\\/weddings-in-provence.com\\\/\",\"logo\":{\"@type\":\"ImageObject\",\"inLanguage\":\"en-US\",\"@id\":\"https:\\\/\\\/weddings-in-provence.com\\\/#\\\/schema\\\/logo\\\/image\\\/\",\"url\":\"https:\\\/\\\/weddings-in-provence.com\\\/wp-content\\\/uploads\\\/2020\\\/03\\\/WIP-logo-or.png\",\"contentUrl\":\"https:\\\/\\\/weddings-in-provence.com\\\/wp-content\\\/uploads\\\/2020\\\/03\\\/WIP-logo-or.png\",\"width\":1014,\"height\":1024,\"caption\":\"Weddings in Provence\"},\"image\":{\"@id\":\"https:\\\/\\\/weddings-in-provence.com\\\/#\\\/schema\\\/logo\\\/image\\\/\"}}]}<\/script>\n<!-- \/ Yoast SEO plugin. -->","yoast_head_json":{"title":"Galerie photos : mariages inspirants en Provence","description":"Nos plus belles photographies de mariages dans les vignes, de c\u00e9r\u00e9monies sur la plage, d\u2019union dans les plus beaux domaines proven\u00e7aux...","robots":{"index":"index","follow":"follow","max-snippet":"max-snippet:-1","max-image-preview":"max-image-preview:large","max-video-preview":"max-video-preview:-1"},"canonical":"https:\/\/weddings-in-provence.com\/en\/galerie-photo\/","og_locale":"en_US","og_type":"article","og_title":"Galerie photos : mariages inspirants en Provence","og_description":"Nos plus belles photographies de mariages dans les vignes, de c\u00e9r\u00e9monies sur la plage, d\u2019union dans les plus beaux domaines proven\u00e7aux...","og_url":"https:\/\/weddings-in-provence.com\/en\/galerie-photo\/","og_site_name":"Weddings in Provence","article_modified_time":"2020-03-20T13:46:44+00:00","og_image":[{"url":"https:\/\/weddings-in-provence.com\/wp-content\/uploads\/2020\/02\/DSC0749-700x700.jpg","type":"","width":"","height":""}],"twitter_card":"summary_large_image","schema":{"@context":"https:\/\/schema.org","@graph":[{"@type":"WebPage","@id":"https:\/\/weddings-in-provence.com\/galerie-photo\/","url":"https:\/\/weddings-in-provence.com\/galerie-photo\/","name":"Galerie photos : mariages inspirants en Provence","isPartOf":{"@id":"https:\/\/weddings-in-provence.com\/#website"},"primaryImageOfPage":{"@id":"https:\/\/weddings-in-provence.com\/galerie-photo\/#primaryimage"},"image":{"@id":"https:\/\/weddings-in-provence.com\/galerie-photo\/#primaryimage"},"thumbnailUrl":"https:\/\/weddings-in-provence.com\/wp-content\/uploads\/2020\/02\/DSC0749-700x700.jpg","datePublished":"2020-01-17T10:28:43+00:00","dateModified":"2020-03-20T13:46:44+00:00","description":"Nos plus belles photographies de mariages dans les vignes, de c\u00e9r\u00e9monies sur la plage, d\u2019union dans les plus beaux domaines proven\u00e7aux...","breadcrumb":{"@id":"https:\/\/weddings-in-provence.com\/galerie-photo\/#breadcrumb"},"inLanguage":"en-US","potentialAction":[{"@type":"ReadAction","target":["https:\/\/weddings-in-provence.com\/galerie-photo\/"]}]},{"@type":"ImageObject","inLanguage":"en-US","@id":"https:\/\/weddings-in-provence.com\/galerie-photo\/#primaryimage","url":"https:\/\/weddings-in-provence.com\/wp-content\/uploads\/2020\/02\/DSC0749-700x700.jpg","contentUrl":"https:\/\/weddings-in-provence.com\/wp-content\/uploads\/2020\/02\/DSC0749-700x700.jpg"},{"@type":"BreadcrumbList","@id":"https:\/\/weddings-in-provence.com\/galerie-photo\/#breadcrumb","itemListElement":[{"@type":"ListItem","position":1,"name":"Accueil","item":"https:\/\/weddings-in-provence.com\/"},{"@type":"ListItem","position":2,"name":"Galerie photo"}]},{"@type":"WebSite","@id":"https:\/\/weddings-in-provence.com\/#website","url":"https:\/\/weddings-in-provence.com\/","name":"Weddings in Provence","description":"Un mariage d&#039;exception en Provence","publisher":{"@id":"https:\/\/weddings-in-provence.com\/#organization"},"potentialAction":[{"@type":"SearchAction","target":{"@type":"EntryPoint","urlTemplate":"https:\/\/weddings-in-provence.com\/?s={search_term_string}"},"query-input":{"@type":"PropertyValueSpecification","valueRequired":true,"valueName":"search_term_string"}}],"inLanguage":"en-US"},{"@type":"Organization","@id":"https:\/\/weddings-in-provence.com\/#organization","name":"Weddings in Provence","url":"https:\/\/weddings-in-provence.com\/","logo":{"@type":"ImageObject","inLanguage":"en-US","@id":"https:\/\/weddings-in-provence.com\/#\/schema\/logo\/image\/","url":"https:\/\/weddings-in-provence.com\/wp-content\/uploads\/2020\/03\/WIP-logo-or.png","contentUrl":"https:\/\/weddings-in-provence.com\/wp-content\/uploads\/2020\/03\/WIP-logo-or.png","width":1014,"height":1024,"caption":"Weddings in Provence"},"image":{"@id":"https:\/\/weddings-in-provence.com\/#\/schema\/logo\/image\/"}}]}},"_links":{"self":[{"href":"https:\/\/weddings-in-provence.com\/en\/wp-json\/wp\/v2\/pages\/40","targetHints":{"allow":["GET"]}}],"collection":[{"href":"https:\/\/weddings-in-provence.com\/en\/wp-json\/wp\/v2\/pages"}],"about":[{"href":"https:\/\/weddings-in-provence.com\/en\/wp-json\/wp\/v2\/types\/page"}],"author":[{"embeddable":true,"href":"https:\/\/weddings-in-provence.com\/en\/wp-json\/wp\/v2\/users\/1"}],"replies":[{"embeddable":true,"href":"https:\/\/weddings-in-provence.com\/en\/wp-json\/wp\/v2\/comments?post=40"}],"version-history":[{"count":5,"href":"https:\/\/weddings-in-provence.com\/en\/wp-json\/wp\/v2\/pages\/40\/revisions"}],"predecessor-version":[{"id":2352,"href":"https:\/\/weddings-in-provence.com\/en\/wp-json\/wp\/v2\/pages\/40\/revisions\/2352"}],"wp:attachment":[{"href":"https:\/\/weddings-in-provence.com\/en\/wp-json\/wp\/v2\/media?parent=40"}],"curies":[{"name":"wp","href":"https:\/\/api.w.org\/{rel}","templated":true}]}}